{"id":29242,"date":"2025-12-22T16:07:46","date_gmt":"2025-12-23T00:07:46","guid":{"rendered":"https:\/\/vatpe.com\/?page_id=29242"},"modified":"2026-02-23T18:41:16","modified_gmt":"2026-02-24T02:41:16","slug":"terms-and-conditions","status":"publish","type":"page","link":"https:\/\/vazpe.com\/ga\/terms-and-conditions\/","title":{"rendered":"T\u00e9arma\u00ed &amp; Coinn\u00edollacha"},"content":{"rendered":"<div class=\"vazpe-main\">\n\t<div class=\"vazpe-container\">\n\t\t<div class=\"vazpe-page-header\">\n\t\t\t<h1 class=\"vazpe-title-xl\">T\u00e9arma\u00ed &#038; Coinn\u00edollacha<\/h1>\n            <p class=\"vazpe-text\">Nuashonraithe Deireanach: 8 Me\u00e1n F\u00f3mhair, 2025<\/p>\n\t\t<\/div>\n\n\t\t<div class=\"vazpe-page-content\">\n\t\t\t<section class=\"vazpe-section\">\n\t\t\t\t<div class=\"vazpe-warning-box\">\n\t\t\t\t\t<h3 class=\"vazpe-title-md\">F\u00f3gra Dl\u00edthi\u00fail T\u00e1bhachtach<\/h3>\n\t\t\t\t\t<p class=\"vazpe-text\">\n\t\t\t\t\t\tTr\u00ed rochtain a fh\u00e1il ar shu\u00edomh gr\u00e9as\u00e1in VAZPE agus \u00e9 a \u00fas\u00e1id, agus tr\u00ed \u00e1r dt\u00e1irg\u00ed a cheannach, aonta\u00edonn t\u00fa a bheith faoi cheangal ag na T\u00e9arma\u00ed agus Coinn\u00edollacha seo. L\u00e9igh an doicim\u00e9ad seo go c\u00faramach, le do thoil, sula n-\u00fas\u00e1ideann t\u00fa \u00e1r seirbh\u00eds\u00ed n\u00f3 sula nd\u00e9anann t\u00fa aon cheannach\u00e1in.\n\t\t\t\t\t<\/p>\n\t\t\t\t<\/div>\n\t\t\t<\/section>\n\n\t\t\t<section class=\"vazpe-section\">\n\t\t\t\t<h2 class=\"vazpe-title-lg\">1. Glacadh leis na T\u00e9arma\u00ed<\/h2>\n\t\t\t\t<p class=\"vazpe-text\">\n\t\t\t\t\tIs comhaont\u00fa dl\u00edthi\u00fail ceangailteach iad na T\u00e9arma\u00ed agus Coinn\u00edollacha seo (&#8220;T\u00e9arma\u00ed&#8221;) idir t\u00fa (&#8220;Custaim\u00e9ir,&#8221; &#8220;\u00das\u00e1ideoir,&#8221; n\u00f3 &#8220;t\u00fa&#8221;) agus VAZPE (&#8220;Cuideachta,&#8221; &#8220;muid,&#8221; &#8220;sinn,&#8221; n\u00f3 &#8220;\u00e1r&#8221;) a riala\u00edonn d\u2019\u00fas\u00e1id ar \u00e1r su\u00edomh gr\u00e9as\u00e1in, \u00e1r dt\u00e1irg\u00ed, agus \u00e1r seirbh\u00eds\u00ed.\n\t\t\t\t<\/p>\n\t\t\t\t<p class=\"vazpe-text\">\n\t\t\t\t\tTr\u00ed rochtain a fh\u00e1il ar \u00e1r su\u00edomh gr\u00e9as\u00e1in, cuntas a chruth\u00fa, ord\u00fa a chur isteach, n\u00f3 aon cheann d\u00e1r seirbh\u00eds\u00ed a \u00fas\u00e1id, admha\u00edonn t\u00fa gur l\u00e9igh t\u00fa na T\u00e9arma\u00ed seo, gur thuig t\u00fa iad, agus go n-aonta\u00edonn t\u00fa a bheith faoi cheangal acu, chomh maith len\u00e1r bPolasa\u00ed Pr\u00edobh\u00e1ideachais agus le haon pholasaithe breise d\u00e1 dtagra\u00edtear anseo.\n\t\t\t\t<\/p>\n\t\t\t<\/section>\n\n\t\t\t<section class=\"vazpe-section\">\n\t\t\t\t<h2 class=\"vazpe-title-lg\">2. F\u00edor\u00fa Aoise &#038; Inch\u00e1ilitheacht<\/h2>\n\t\t\t\t<div class=\"vazpe-warning-box\">\n\t\t\t\t\t<h3 class=\"vazpe-title-md\">\u26a0\ufe0f Riachtanais Aoise de r\u00e9ir Dl\u00edns\u00ed Sonracha<\/h3>\n\t\t\t\t\t<p class=\"vazpe-text\">\n\t\t\t\t\t\tT\u00e1 t\u00e1irg\u00ed VAZPE beartaithe go heisiach d\u2019aosaigh. B\u00edonn riachtanais aoise \u00e9ags\u00fail de r\u00e9ir dl\u00ednse agus cuirtear i bhfeidhm go docht iad:\n\t\t\t\t\t<\/p>\n\t\t\t\t\t<ul class=\"vazpe-content-list\">\n\t\t\t\t\t\t<li><strong>St\u00e1it Aontaithe Mheirice\u00e1:<\/strong> 21 bliain d\u2019aois n\u00f3 os a chionn (ceanglas c\u00f3naidhme)<\/li>\n\t\t\t\t\t\t<li><strong>Ceanada:<\/strong> 18 mbliana (Alberta) n\u00f3 19 mbliana (formh\u00f3r na gc\u00faig\u00ed eile)<\/li>\n\t\t\t\t\t\t<li><strong>An tAontas Eorpach:<\/strong> 18 mbliana d\u2019aois n\u00f3 os a chionn i ngach ballst\u00e1t<\/li>\n\t\t\t\t\t\t<li><strong>An R\u00edocht Aontaithe:<\/strong> 18 mbliana d\u2019aois n\u00f3 os a chionn<\/li>\n\t\t\t\t\t\t<li><strong>An Astr\u00e1il:<\/strong> 18 mbliana d\u2019aois n\u00f3 os a chionn<\/li>\n\t\t\t\t\t\t<li><strong>An Nua-Sh\u00e9alainn:<\/strong> 18 mbliana d\u2019aois n\u00f3 os a chionn<\/li>\n\t\t\t\t\t\t<li><strong>\u00c9ire:<\/strong> 18 mbliana d\u2019aois n\u00f3 os a chionn<\/li>\n\t\t\t\t\t<\/ul>\n\t\t\t\t<\/div>\n\t\t\t\t\n\t\t\t\t<h3 class=\"vazpe-title-md\">Riachtanais F\u00edoraithe &#038; Comhl\u00edonadh Rial\u00e1la<\/h3>\n\t\t\t\t<ul class=\"vazpe-content-list\">\n\t\t\t\t\t<li>Deimhn\u00edonn t\u00fa go bhfuil an aois dhl\u00edthi\u00fail bainte amach agat chun t\u00e1irg\u00ed galaithe a cheannach i do dhl\u00ednse<\/li>\n\t\t\t\t\t<li>D\u2019fh\u00e9adfa\u00ed a cheangal ort f\u00edor\u00fa aoise tr\u00ed\u00fa p\u00e1irt\u00ed a shol\u00e1thar le linn an phr\u00f3isis ordaithe<\/li>\n\t\t\t\t\t<li>T\u00e1 aitheantas bail\u00ed arna eisi\u00faint ag an rialtas ag teast\u00e1il tr\u00e1th an tseachadta (gan eisceacht)<\/li>\n\t\t\t\t\t<li>T\u00e1 f\u00edor\u00fa s\u00ednithe duine fh\u00e1sta \u00e9igeantach do gach seachadadh<\/li>\n\t\t\t\t\t<li>Forchoime\u00e1daimid an ceart seirbh\u00eds a dhi\u00falt\u00fa d\u2019aon duine nach f\u00e9idir leis f\u00edor\u00fa aoise leordh\u00f3thanach a shol\u00e1thar<\/li>\n\t\t\t\t\t<li><strong>An Astr\u00e1il:<\/strong> Comhl\u00edonadh rialach\u00e1n \u00e1iti\u00fail um rial\u00fa tobac<\/li>\n\t\t\t\t\t<li><strong>\u00c9ire:<\/strong> Comhl\u00edonadh reachta\u00edochta n\u00e1isi\u00fanta tobac<\/li>\n\t\t\t\t<\/ul>\n\t\t\t<\/section>\n\n\t\t\t<section class=\"vazpe-section\">\n\t\t\t\t<h2 class=\"vazpe-title-lg\">3. Eolas T\u00e1irge &#038; Infhaighteacht<\/h2>\n\t\t\t\t\n\t\t\t\t<h3 class=\"vazpe-title-md\">Cur S\u00edos ar Th\u00e1irg\u00ed<\/h3>\n\t\t\t\t<p class=\"vazpe-text\">\n\t\t\t\t\tD\u00e9anaimid \u00e1r nd\u00edcheall eolas cruinn agus ioml\u00e1n faoin t\u00e1irge a chur ar f\u00e1il ar \u00e1r su\u00edomh gr\u00e9as\u00e1in. Mar sin f\u00e9in, n\u00ed r\u00e1tha\u00edmid go bhfuil cur s\u00edos t\u00e1irg\u00ed, sonra\u00edochta\u00ed n\u00e1 \u00e1bhar eile saor \u00f3 earr\u00e1id\u00ed, ioml\u00e1n n\u00e1 cothrom le d\u00e1ta.\n\t\t\t\t<\/p>\n\t\t\t\t\n\t\t\t\t<h3 class=\"vazpe-title-md\">Infhaighteacht &#038; Praghs\u00e1il<\/h3>\n\t\t\t\t<ul class=\"vazpe-content-list\">\n\t\t\t\t\t<li>T\u00e1 infhaighteacht t\u00e1irg\u00ed agus praghs\u00e1il faoi r\u00e9ir athraithe gan f\u00f3gra roimh r\u00e9<\/li>\n\t\t\t\t\t<li>Forchoime\u00e1daimid an ceart deireadh a chur le t\u00e1irg\u00ed tr\u00e1th ar bith<\/li>\n\t\t\t\t\t<li>T\u00e1 na praghsanna a thaispe\u00e1ntar ar an su\u00edomh gr\u00e9as\u00e1in sa airgeadra sonraithe agus \u00e1ir\u00edtear c\u00e1nacha infheidhme iontu nuair is g\u00e1<\/li>\n\t\t\t\t\t<li>Forchoime\u00e1daimid an ceart earr\u00e1id\u00ed praghs\u00e1la a cheart\u00fa, fi\u00fa tar \u00e9is orduithe a bheith curtha isteach<\/li>\n\t\t\t\t<\/ul>\n\t\t\t<\/section>\n\n\t\t\t<section class=\"vazpe-section\">\n\t\t\t\t<h2 class=\"vazpe-title-lg\">4. Ord\u00fa &#038; \u00cdoca\u00edocht<\/h2>\n\t\t\t\t\n\t\t\t\t<h3 class=\"vazpe-title-md\">Pr\u00f3iseas Ordaithe<\/h3>\n\t\t\t\t<p class=\"vazpe-text\">\n\t\t\t\t\tNuair a dh\u00e9anann t\u00fa ord\u00fa tr\u00edn\u00e1r su\u00edomh gr\u00e9as\u00e1in, t\u00e1 tairiscint \u00e1 d\u00e9anamh agat t\u00e1irg\u00ed a cheannach faoi r\u00e9ir na dT\u00e9arma\u00ed seo. Forchoime\u00e1daimid an ceart glacadh le haon ord\u00fa n\u00f3 \u00e9 a dhi\u00falt\u00fa ar ch\u00fais ar bith.\n\t\t\t\t<\/p>\n\t\t\t\t\n\t\t\t\t<h3 class=\"vazpe-title-md\">T\u00e9arma\u00ed \u00cdoca\u00edochta<\/h3>\n\t\t\t\t<ul class=\"vazpe-content-list\">\n\t\t\t\t\t<li>T\u00e1 an \u00edoca\u00edocht ioml\u00e1n dlite tr\u00e1th a chuirtear an t-ord\u00fa isteach<\/li>\n\t\t\t\t\t<li>Glacaimid le m\u00f3rch\u00e1rta\u00ed creidmheasa agus le modhanna \u00edoca\u00edochta eile mar a thaispe\u00e1ntar le linn an tseice\u00e1il amach<\/li>\n\t\t\t\t\t<li>Pr\u00f3ise\u00e1iltear gach \u00edoca\u00edocht go sl\u00e1n tr\u00ed phr\u00f3ise\u00e1laithe \u00edoca\u00edochta tr\u00ed\u00fa p\u00e1irt\u00ed<\/li>\n\t\t\t\t\t<li>Gearrfar do mhodh \u00edoca\u00edochta nuair a dheimhn\u00edtear an t-ord\u00fa<\/li>\n\t\t\t\t\t<li>D\u2019fh\u00e9adfadh ceal\u00fa ordaithe a bheith mar thoradh ar \u00edoca\u00edochta\u00ed teipthe<\/li>\n\t\t\t\t<\/ul>\n\t\t\t\t\n\t\t\t\t<h3 class=\"vazpe-title-md\">Deimhni\u00fa Ordaithe<\/h3>\n\t\t\t\t<p class=\"vazpe-text\">\n\t\t\t\t\tN\u00ed r\u00e1tha\u00edonn deimhni\u00fa ordaithe infhaighteacht t\u00e1irge. Cuirfimid in i\u00fal duit m\u00e1 t\u00e1 aon earra\u00ed i d\u2019ord\u00fa as stoc agus cuirfimid roghanna eile n\u00f3 ais\u00edoca\u00edochta\u00ed ar f\u00e1il de r\u00e9ir mar is cu\u00ed.\n\t\t\t\t<\/p>\n\t\t\t<\/section>\n\n\t\t\t<section class=\"vazpe-section\">\n\t\t\t\t<h2 class=\"vazpe-title-lg\">5. Loingseoireacht &#038; Seachadadh<\/h2>\n\t\t\t\t<p class=\"vazpe-text\">\n\t\t\t\t\tT\u00e1 loingseoireacht agus seachadadh \u00e1 rial\u00fa ag \u00e1r bPolasa\u00ed Loingseoireachta, at\u00e1 corpraithe sna T\u00e9arma\u00ed seo tr\u00ed thagairt. \u00c1ir\u00edtear ar na pr\u00edomhphoint\u00ed:\n\t\t\t\t<\/p>\n\t\t\t\t\n\t\t\t\t<ul class=\"vazpe-content-list\">\n\t\t\t\t\t<li>Aistr\u00edtear an riosca caillteanais chugat nuair a sheachadtar chuig an iompr\u00f3ir \u00e9<\/li>\n\t\t\t\t\t<li>Is meastach\u00e1in iad na hamanna seachadta agus n\u00ed r\u00e1tha\u00edtear iad<\/li>\n\t\t\t\t\t<li>Is ortsa at\u00e1 an fhreagracht eolas loingseoireachta cruinn a shol\u00e1thar<\/li>\n\t\t\t\t\t<li>D\u2019fh\u00e9adfadh t\u00e1ill\u00ed breise a bheith i gceist le haghaidh ceart\u00fach\u00e1in seolta n\u00f3 iarrachta\u00ed seachadta ar theip orthu<\/li>\n\t\t\t\t\t<li>T\u00e1 custaim\u00e9ir\u00ed idirn\u00e1isi\u00fanta freagrach as dleachtanna custaim agus c\u00e1nacha<\/li>\n\t\t\t\t<\/ul>\n\t\t\t<\/section>\n\n\t\t\t<section class=\"vazpe-section\">\n\t\t\t\t<h2 class=\"vazpe-title-lg\">6. Tuairisce\u00e1in, Ais\u00edoca\u00edochta\u00ed &#038; Malartuithe<\/h2>\n\t\t\t\t<p class=\"vazpe-text\">\n\t\t\t\t\tT\u00e1 \u00e1r bpolasaithe maidir le tuairisce\u00e1in agus ais\u00edoca\u00edochta\u00ed mionsonraithe in\u00e1r bPolasa\u00ed um Thuairisce\u00e1in &#038; Ais\u00edoca\u00edochta\u00ed. Tr\u00ed \u00e1r dt\u00e1irg\u00ed a cheannach, aonta\u00edonn t\u00fa leis na t\u00e9arma\u00ed at\u00e1 leagtha amach sa pholasa\u00ed sin.\n\t\t\t\t<\/p>\n\t\t\t\t\n\t\t\t\t<h3 class=\"vazpe-title-md\">Coinn\u00edollacha Ginear\u00e1lta Tuairisce\u00e1in<\/h3>\n\t\t\t\t<ul class=\"vazpe-content-list\">\n\t\t\t\t\t<li>N\u00ed m\u00f3r tuairisce\u00e1in a thionscnamh laistigh den tr\u00e9imhse ama sonraithe<\/li>\n\t\t\t\t\t<li>N\u00ed m\u00f3r do th\u00e1irg\u00ed a bheith ina riocht bunaidh, gan oscailt, mura bhfuil siad lochtach<\/li>\n\t\t\t\t\t<li>D\u2019fh\u00e9adfadh costas loingseoireachta an tuairisce\u00e1in a bheith ar an gcustaim\u00e9ir<\/li>\n\t\t\t\t\t<li>Pr\u00f3ise\u00e1iltear ais\u00edoca\u00edochta\u00ed chuig an modh \u00edoca\u00edochta bunaidh<\/li>\n\t\t\t\t\t<li>D\u2019fh\u00e9adfadh s\u00e9 nach mbeadh roinnt t\u00e1irg\u00ed inchurtha ar ais ar ch\u00faiseanna sl\u00e1inte agus s\u00e1bh\u00e1ilteachta<\/li>\n\t\t\t\t<\/ul>\n\t\t\t<\/section>\n\n\t\t\t<section class=\"vazpe-section\">\n\t\t\t\t<h2 class=\"vazpe-title-lg\">7. Bar\u00e1ntais T\u00e1irge &#038; S\u00e9anadh<\/h2>\n\t\t\t\t\n\t\t\t\t<h3 class=\"vazpe-title-md\">Bar\u00e1ntas Teoranta<\/h3>\n\t\t\t\t<p class=\"vazpe-text\">\n\t\t\t\t\tTagann t\u00e1irg\u00ed VAZPE le bar\u00e1ntas teoranta i gcoinne lochtanna d\u00e9ant\u00fasa\u00edochta. Braitheann t\u00e9arma\u00ed sonracha agus fad an chl\u00fadaigh bhar\u00e1nta ar an t\u00e1irge agus leagtar amach iad i ndoicim\u00e9adacht an t\u00e1irge.\n\t\t\t\t<\/p>\n\t\t\t\t\n\t\t\t\t<h3 class=\"vazpe-title-md\">S\u00e9anadh Bar\u00e1ntas<\/h3>\n\t\t\t\t<div class=\"vazpe-warning-box\">\n\t\t\t\t\t<h4 class=\"vazpe-title-md\">S\u00e9anadh T\u00e1bhachtach<\/h4>\n\t\t\t\t\t<p class=\"vazpe-text\">\n\t\t\t\t\t\tACH AMH\u00c1IN MAR A LEAGTAR AMACH GO SONRACH IN \u00c1R mBAR\u00c1NTAS TEORANTA, CUIRTEAR GACH T\u00c1IRGE AR F\u00c1IL &#8220;MAR AT\u00c1&#8221; GAN BAR\u00c1NTAIS D'AON CHINE\u00c1L, B\u00cdODH SIAD SONRACH, INTUIGTHE, REACHT\u00daIL N\u00d3 EILE. S\u00c9ANAIMID GACH BAR\u00c1NTAS INTUIGTHE, LENA n\u00c1IR\u00cdTEAR IND\u00cdOLTACHT, OIRI\u00daNACHT DO CHUSP\u00d3IR AR LEITH, AGUS NEAMHSH\u00c1R\u00da.\n\t\t\t\t\t<\/p>\n\t\t\t\t<\/div>\n\t\t\t<\/section>\n\n\t\t\t<section class=\"vazpe-section\">\n\t\t\t\t<h2 class=\"vazpe-title-lg\">8. Iompar \u00das\u00e1ideora &#038; \u00das\u00e1id\u00ed Toirmiscthe<\/h2>\n\t\t\t\t\n\t\t\t\t<h3 class=\"vazpe-title-md\">\u00das\u00e1id Inghlactha<\/h3>\n\t\t\t\t<p class=\"vazpe-text\">\n\t\t\t\t\tAonta\u00edonn t\u00fa \u00e1r su\u00edomh gr\u00e9as\u00e1in agus \u00e1r seirbh\u00eds\u00ed a \u00fas\u00e1id chun cr\u00edocha dleathacha amh\u00e1in agus de r\u00e9ir na dT\u00e9arma\u00ed seo.\n\t\t\t\t<\/p>\n\t\t\t\t\n\t\t\t\t<h3 class=\"vazpe-title-md\">Gn\u00edomha\u00edochta\u00ed Toirmiscthe<\/h3>\n\t\t\t\t<p class=\"vazpe-text\">N\u00ed cheada\u00edtear duit:<\/p>\n\t\t\t\t<ul class=\"vazpe-content-list\">\n\t\t\t\t\t<li>\u00c1r seirbh\u00eds\u00ed a \u00fas\u00e1id m\u00e1 t\u00e1 t\u00fa faoi bhun na haoise dl\u00edthi\u00fala chun t\u00e1irg\u00ed galaithe a cheannach<\/li>\n\t\t\t\t\t<li>Faisn\u00e9is bhr\u00e9agach n\u00f3 mh\u00edthreorach a shol\u00e1thar le linn cl\u00e1r\u00fach\u00e1in n\u00f3 ordaithe<\/li>\n\t\t\t\t\t<li>Iarracht a dh\u00e9anamh c\u00f3rais f\u00edoraithe aoise a sheachaint<\/li>\n\t\t\t\t\t<li>An su\u00edomh gr\u00e9as\u00e1in a \u00fas\u00e1id chun aon chr\u00edche neamhdhleatha\u00ed n\u00f3 neamh\u00fadaraithe<\/li>\n\t\t\t\t\t<li>Cur isteach ar an su\u00edomh gr\u00e9as\u00e1in n\u00f3 ar na freastalaithe, n\u00f3 iad a chur as feidhm<\/li>\n\t\t\t\t\t<li>Iarracht a dh\u00e9anamh rochtain neamh\u00fadaraithe a fh\u00e1il ar \u00e1r gc\u00f3rais<\/li>\n\t\t\t\t\t<li>C\u00f3rais uathoibrithe (r\u00f3b\u00f3nna, scrap\u00e1laithe) a \u00fas\u00e1id chun rochtain a fh\u00e1il ar an su\u00edomh gr\u00e9as\u00e1in<\/li>\n\t\t\t\t\t<li>Aon dl\u00edthe n\u00f3 rialach\u00e1in is infheidhme a sh\u00e1r\u00fa<\/li>\n\t\t\t\t<\/ul>\n\t\t\t<\/section>\n\n\t\t\t<section class=\"vazpe-section\">\n\t\t\t\t<h2 class=\"vazpe-title-lg\">9. Maoin Intleacht\u00fail<\/h2>\n\t\t\t\t\n\t\t\t\t<h3 class=\"vazpe-title-md\">\u00c1r gCearta<\/h3>\n\t\t\t\t<p class=\"vazpe-text\">\n\t\t\t\t\tIs le VAZPE n\u00f3 lena chead\u00fan\u00f3ir\u00ed an t-\u00e1bhar go l\u00e9ir ar shu\u00edomh gr\u00e9as\u00e1in VAZPE, lena n-\u00e1ir\u00edtear t\u00e9acs, grafaic\u00ed, l\u00f3g\u00f3nna, \u00edomh\u00e1nna agus bogearra\u00ed, agus t\u00e1 s\u00e9 cosanta ag dl\u00edthe c\u00f3ipchirt, tr\u00e1dmhairc agus maoine intleacht\u00fala eile.\n\t\t\t\t<\/p>\n\t\t\t\t\n\t\t\t\t<h3 class=\"vazpe-title-md\">Cead\u00fanas Teoranta<\/h3>\n\t\t\t\t<p class=\"vazpe-text\">\n\t\t\t\t\tDeona\u00edmid duit cead\u00fanas teoranta, neamh-eisiach agus neamh-inaistrithe chun rochtain a fh\u00e1il ar \u00e1r su\u00edomh gr\u00e9as\u00e1in agus \u00e9 a \u00fas\u00e1id chun cr\u00edocha pearsanta neamhthr\u00e1cht\u00e1la de r\u00e9ir na dT\u00e9arma\u00ed seo.\n\t\t\t\t<\/p>\n\t\t\t\t\n\t\t\t\t<h3 class=\"vazpe-title-md\">Srianta<\/h3>\n\t\t\t\t<ul class=\"vazpe-content-list\">\n\t\t\t\t\t<li>N\u00ed cheada\u00edtear duit \u00e1r n-\u00e1bhar a at\u00e1irgeadh, a dh\u00e1ileadh n\u00e1 saothair dh\u00edorthacha a chruth\u00fa uaidh<\/li>\n\t\t\t\t\t<li>N\u00ed cheada\u00edtear duit \u00e1r dtr\u00e1dmharcanna a \u00fas\u00e1id gan cead i scr\u00edbhinn<\/li>\n\t\t\t\t\t<li>N\u00ed cheada\u00edtear duit droim-innealt\u00f3ireacht a dh\u00e9anamh n\u00e1 iarracht a dh\u00e9anamh an c\u00f3d foinse a bhaint amach<\/li>\n\t\t\t\t\t<li>N\u00ed cheada\u00edtear duit f\u00f3gra\u00ed c\u00f3ipchirt a bhaint n\u00e1 a athr\u00fa<\/li>\n\t\t\t\t<\/ul>\n\t\t\t<\/section>\n\n\t\t\t<section class=\"vazpe-section\">\n\t\t\t\t<h2 class=\"vazpe-title-lg\">10. Pr\u00edobh\u00e1ideachas &#038; Cosaint Sonra\u00ed<\/h2>\n\t\t\t\t<p class=\"vazpe-text\">\n\t\t\t\t\tT\u00e1 do phr\u00edobh\u00e1ideachas t\u00e1bhachtach d\u00fainn. T\u00e1 baili\u00fa, \u00fas\u00e1id agus cosaint d\u2019fhaisn\u00e9ise pearsanta \u00e1 rial\u00fa ag \u00e1r bPolasa\u00ed Pr\u00edobh\u00e1ideachais, at\u00e1 corpraithe sna T\u00e9arma\u00ed seo tr\u00ed thagairt.\n\t\t\t\t<\/p>\n\t\t\t\t\n\t\t\t\t<h3 class=\"vazpe-title-md\">Sl\u00e1nd\u00e1il Sonra\u00ed<\/h3>\n\t\t\t\t<p class=\"vazpe-text\">\n\t\t\t\t\tC\u00e9 go gcuirimid bearta sl\u00e1nd\u00e1la i bhfeidhm chun d\u2019fhaisn\u00e9is a chosaint, admha\u00edonn t\u00fa nach bhfuil aon mhodh tarchurtha ar an idirl\u00edon 100% sl\u00e1n, agus sol\u00e1thra\u00edonn t\u00fa faisn\u00e9is ar do phriacal f\u00e9in.\n\t\t\t\t<\/p>\n\t\t\t<\/section>\n\n\t\t\t<section class=\"vazpe-section\">\n\t\t\t\t<h2 class=\"vazpe-title-lg\">11. Teorann\u00fa Dliteanais<\/h2>\n\t\t\t\t<div class=\"vazpe-warning-box\">\n\t\t\t\t\t<h3 class=\"vazpe-title-md\">Teorainneacha Dliteanais<\/h3>\n\t\t\t\t\t<p class=\"vazpe-text\">\n\t\t\t\t\t\tA MH\u00c9ID IS M\u00d3 A CHEADA\u00cdTEAR FAOIN DL\u00cd, N\u00cd BHEIDH VAZPE FREAGRACH AS AON DAM\u00c1IST\u00cd IND\u00cdREACHA, TEAGMHASACHA, SPEISIALTA, IARMHARTACHA N\u00d3 PION\u00d3SACHA, LENA n\u00c1IR\u00cdTEAR ACH GAN A BHEITH TEORANTA DO CHAILLI\u00daINT BRAB\u00daIS, SONRA\u00cd, \u00daS\u00c1IDE N\u00d3 CAILLI\u00daINT\u00cd NEAMH-INL\u00c1IMHSITHE EILE, A EASCARA\u00cdONN AS D'\u00daS\u00c1ID D\u00c1R DT\u00c1IRG\u00cd N\u00d3 D\u00c1R SEIRBH\u00cdS\u00cd.\n\t\t\t\t\t<\/p>\n\t\t\t\t<\/div>\n\t\t\t\t\n\t\t\t\t<p class=\"vazpe-text\">\n\t\t\t\t\tN\u00ed rachaidh \u00e1r ndliteanas ioml\u00e1n duit maidir le haon \u00e9ileamh a eascra\u00edonn as na T\u00e9arma\u00ed seo n\u00f3 a bhaineann leo, n\u00f3 as \u00e1r dt\u00e1irg\u00ed, thar an m\u00e9id a d\u2019\u00edoc t\u00fa as an t\u00e1irge sonrach ba ch\u00fais leis an \u00e9ileamh.\n\t\t\t\t<\/p>\n\t\t\t<\/section>\n\n\t\t\t<section class=\"vazpe-section\">\n\t\t\t\t<h2 class=\"vazpe-title-lg\">12. Sl\u00e1na\u00edocht<\/h2>\n\t\t\t\t<p class=\"vazpe-text\">\n\t\t\t\t\tAonta\u00edonn t\u00fa VAZPE agus a oifigigh, sti\u00farth\u00f3ir\u00ed, fostaithe, gn\u00edomhair\u00ed agus cleamhnaithe a shl\u00e1n\u00fa, a chosaint agus iad a choinne\u00e1il saor \u00f3 dhliteanas i gcoinne aon \u00e9ilimh, dam\u00e1ist\u00ed, caillteanais, costais n\u00f3 caiteachais a eascra\u00edonn as:\n\t\t\t\t<\/p>\n\t\t\t\t<ul class=\"vazpe-content-list\">\n\t\t\t\t\t<li>D'\u00fas\u00e1id d\u00e1r dt\u00e1irg\u00ed n\u00f3 d\u00e1r seirbh\u00eds\u00ed<\/li>\n\t\t\t\t\t<li>Do sh\u00e1r\u00fa ar na T\u00e9arma\u00ed seo<\/li>\n\t\t\t\t\t<li>Do sh\u00e1r\u00fa ar aon dl\u00edthe n\u00f3 rialach\u00e1in is infheidhme<\/li>\n\t\t\t\t\t<li>Do sh\u00e1r\u00fa ar aon chearta tr\u00ed\u00fa p\u00e1irt\u00ed<\/li>\n\t\t\t\t<\/ul>\n\t\t\t<\/section>\n\n\t\t\t<section class=\"vazpe-section\">\n\t\t\t\t<h2 class=\"vazpe-title-lg\">13. Dl\u00ed Rialaithe &#038; Dl\u00ednse<\/h2>\n\t\t\t\t<p class=\"vazpe-text\">\n\t\t\t\t\tT\u00e1 na T\u00e9arma\u00ed seo faoi rial\u00fa dhl\u00edthe na Gearm\u00e1ine go pr\u00edomha, agus cuirtear for\u00e1lacha a bhaineann go sonrach le dl\u00ednse i bhfeidhm bunaithe ar do shu\u00edomh agus ar na rialach\u00e1in \u00e1iti\u00fala is infheidhme a riala\u00edonn t\u00e1irg\u00ed gaile\u00e1la.\n\t\t\t\t<\/p>\n\t\t\t\t\n\t\t\t\t<h3 class=\"vazpe-title-md\">Creat Dl\u00edthi\u00fail Sonrach don Dl\u00ednse<\/h3>\n\t\t\t\t<div>\n\t\t\t\t\t<table class=\"vazpe-table\">\n\t\t\t\t\t\t<thead>\n\t\t\t\t\t\t\t<tr>\n\t\t\t\t\t\t\t\t<th>R\u00e9igi\u00fan<\/th>\n\t\t\t\t\t\t\t\t<th>An Dl\u00ed is Infheidhme<\/th>\n\t\t\t\t\t\t\t\t<th>Creat Rial\u00e1la<\/th>\n\t\t\t\t\t\t\t\t<th>Cosaint Tomhalt\u00f3ir\u00ed<\/th>\n\t\t\t\t\t\t\t<\/tr>\n\t\t\t\t\t\t<\/thead>\n\t\t\t\t\t\t<tbody>\n\t\t\t\t\t\t\t<tr>\n\t\t\t\t\t\t\t\t<td>An tAontas Eorpach<\/td>\n\t\t\t\t\t\t\t\t<td>Dl\u00ed na Gearm\u00e1ine + rialach\u00e1in an AE<\/td>\n\t\t\t\t\t\t\t\t<td>Treoir um Th\u00e1irg\u00ed Tobac (TPD)<\/td>\n\t\t\t\t\t\t\t\t<td>Treoracha an AE maidir le cearta tomhalt\u00f3ir\u00ed<\/td>\n\t\t\t\t\t\t\t<\/tr>\n\t\t\t\t\t\t\t<tr>\n\t\t\t\t\t\t\t\t<td>St\u00e1it Aontaithe Mheirice\u00e1<\/td>\n\t\t\t\t\t\t\t\t<td>Dl\u00edthe c\u00f3naidhme agus st\u00e1it<\/td>\n\t\t\t\t\t\t\t\t<td>Rialach\u00e1in tobac an FDA<\/td>\n\t\t\t\t\t\t\t\t<td>Dl\u00edthe st\u00e1it um chosaint tomhalt\u00f3ir\u00ed<\/td>\n\t\t\t\t\t\t\t<\/tr>\n\t\t\t\t\t\t\t<tr>\n\t\t\t\t\t\t\t\t<td>Ceanada<\/td>\n\t\t\t\t\t\t\t\t<td>Dl\u00edthe c\u00f3naidhme agus c\u00faige<\/td>\n\t\t\t\t\t\t\t\t<td>An tAcht um Th\u00e1irg\u00ed Tobac &#038; V\u00e1p\u00e1la<\/td>\n\t\t\t\t\t\t\t\t<td>Reachta\u00edocht um chosaint tomhalt\u00f3ir\u00ed<\/td>\n\t\t\t\t\t\t\t<\/tr>\n\t\t\t\t\t\t\t<tr>\n\t\t\t\t\t\t\t\t<td>An R\u00edocht Aontaithe<\/td>\n\t\t\t\t\t\t\t\t<td>Dl\u00ed na R\u00edochta Aontaithe i ndiaidh Brexit<\/td>\n\t\t\t\t\t\t\t\t<td>Rialach\u00e1in Tobac na R\u00edochta Aontaithe<\/td>\n\t\t\t\t\t\t\t\t<td>An tAcht um Chearta Tomhalt\u00f3ir\u00ed 2015<\/td>\n\t\t\t\t\t\t\t<\/tr>\n\t\t\t\t\t\t\t<tr>\n\t\t\t\t\t\t\t\t<td>An Astr\u00e1il<\/td>\n\t\t\t\t\t\t\t\t<td>Dl\u00ed Tomhalt\u00f3ir\u00ed na hAstr\u00e1ile<\/td>\n\t\t\t\t\t\t\t\t<td>Rialach\u00e1in an TGA<\/td>\n\t\t\t\t\t\t\t\t<td>R\u00e1tha\u00edochta\u00ed Tomhalt\u00f3ir\u00ed na hAstr\u00e1ile<\/td>\n\t\t\t\t\t\t\t<\/tr>\n\t\t\t\t\t\t<\/tbody>\n\t\t\t\t\t<\/table>\n\t\t\t\t<\/div>\n\t\t\t\t\n\t\t\t\t<h3 class=\"vazpe-title-md\">Freagrachta\u00ed \u00das\u00e1ideoir\u00ed Idirn\u00e1isi\u00fanta<\/h3>\n\t\t\t\t<p class=\"vazpe-text\">\n\t\t\t\t\tM\u00e1 fhaigheann t\u00fa rochtain ar \u00e1r seirbh\u00eds\u00ed \u00f3 lasmuigh den Ghearm\u00e1in, admha\u00edonn t\u00fa agus aonta\u00edonn t\u00fa leis seo a leanas:\n\t\t\t\t<\/p>\n\t\t\t\t<ul class=\"vazpe-content-list\">\n\t\t\t\t\t<li>Is ortsa at\u00e1 an fhreagracht clo\u00ed le gach dl\u00ed agus rialach\u00e1n \u00e1iti\u00fail<\/li>\n\t\t\t\t\t<li>N\u00ed m\u00f3r duit a dheimhni\u00fa go bhfuil t\u00e1irg\u00ed gaile\u00e1la dleathach i do dhl\u00ednse<\/li>\n\t\t\t\t\t<li>T\u00e1 tosa\u00edocht ag na ceanglais agus na srianta aoise i do shu\u00edomh<\/li>\n\t\t\t\t\t<li>Is ortsa at\u00e1 an fhreagracht as dleachtanna allmhairi\u00fach\u00e1in, c\u00e1nacha agus comhl\u00edonadh custaim<\/li>\n\t\t\t\t\t<li>D\u2019fh\u00e9adfadh dl\u00edthe \u00e1iti\u00fala um chosaint tomhalt\u00f3ir\u00ed cearta breise a thabhairt duit<\/li>\n\t\t\t\t\t<li>F\u00e9adfaidh d\u00edosp\u00f3id\u00ed a bheith faoi r\u00e9ir dl\u00ednse \u00e1iti\u00fail nuair a cheada\u00edtear leis an dl\u00ed \u00e9<\/li>\n\t\t\t\t<\/ul>\n\t\t\t\t\n\t\t\t\t<div class=\"vazpe-warning-box\">\n\t\t\t\t\t<h3 class=\"vazpe-title-md\">F\u00f3gra T\u00e1bhachtach Dl\u00ednse<\/h3>\n\t\t\t\t\t<p class=\"vazpe-text\">\n\t\t\t\t\t\tMar gheall ar rialach\u00e1in at\u00e1 ag athr\u00fa ar fud an domhain, d\u2019fh\u00e9adfadh ceanglais shonracha a bheith i bhfeidhm i roinnt dl\u00edns\u00ed a chuireann isteach ar infhaighteacht seirbh\u00eds\u00ed. Coime\u00e1daimid an ceart seirbh\u00eds\u00ed a mhodhn\u00fa de r\u00e9ir mar is g\u00e1 chun comhl\u00edonadh leis na dl\u00edthe agus na rialach\u00e1in \u00e1iti\u00fala is infheidhme a chinnti\u00fa.\n\t\t\t\t\t<\/p>\n\t\t\t\t<\/div>\n\t\t\t<\/section>\n\n\t\t\t<section class=\"vazpe-section\">\n\t\t\t\t<h2 class=\"vazpe-title-lg\">14. Athruithe ar na T\u00e9arma\u00ed<\/h2>\n\t\t\t\t<p class=\"vazpe-text\">\n\t\t\t\t\tCoime\u00e1daimid an ceart na T\u00e9arma\u00ed seo a mhodhn\u00fa am ar bith. Nuair a dh\u00e9anaimid athruithe \u00e1bhartha, d\u00e9anfaimid an m\u00e9id seo a leanas:\n\t\t\t\t<\/p>\n\t\t\t\t<ul class=\"vazpe-content-list\">\n\t\t\t\t\t<li>An d\u00e1ta &#8220;Nuashonraithe Deiridh&#8221; a nuashonr\u00fa<\/li>\n\t\t\t\t\t<li>\u00das\u00e1ideoir\u00ed cl\u00e1raithe a chur ar an eolas tr\u00ed r\u00edomhphost<\/li>\n\t\t\t\t\t<li>F\u00f3gra faoi athruithe a fhoilsi\u00fa ar \u00e1r su\u00edomh\u00e9as\u00e1in<\/li>\n\t\t\t\t\t<li>F\u00f3gra r\u00e9as\u00fanta roimh r\u00e9 a thabhairt maidir le hathruithe \u00e1bhartha<\/li>\n\t\t\t\t<\/ul>\n\t\t\t\t\n\t\t\t\t<p class=\"vazpe-text\">\n\t\t\t\t\tM\u00e1 leanann t\u00fa d\u00e1r seirbh\u00eds\u00ed a \u00fas\u00e1id tar \u00e9is do na hathruithe teacht i bhfeidhm, is ionann sin agus glacadh leis na T\u00e9arma\u00ed modhnaithe.\n\t\t\t\t<\/p>\n\t\t\t<\/section>\n\n\t\t\t<section class=\"vazpe-section\">\n\t\t\t\t<h2 class=\"vazpe-title-lg\">15. Foirceannadh<\/h2>\n\t\t\t\t\n\t\t\t\t<h3 class=\"vazpe-title-md\">Foirceannadh ag VAZPE<\/h3>\n\t\t\t\t<p class=\"vazpe-text\">\n\t\t\t\t\tF\u00e9adfaimid do rochtain ar \u00e1r seirbh\u00eds\u00ed a fhoirceannadh n\u00f3 a chur ar fionra\u00ed l\u00e1ithreach, gan f\u00f3gra roimh r\u00e9, i gc\u00e1s iompair a mheasaimid a sh\u00e1ra\u00edonn na T\u00e9arma\u00ed seo n\u00f3 at\u00e1 d\u00edobh\u00e1lach d\u2019\u00fas\u00e1ideoir\u00ed eile, d\u00fainne n\u00f3 do thr\u00ed\u00fa p\u00e1irtithe, n\u00f3 ar ch\u00fais ar bith eile de r\u00e9ir \u00e1r l\u00e1nrogha f\u00e9in.\n\t\t\t\t<\/p>\n\t\t\t\t\n\t\t\t\t<h3 class=\"vazpe-title-md\">\u00c9ifeacht an Fhoirceanta<\/h3>\n\t\t\t\t<ul class=\"vazpe-content-list\">\n\t\t\t\t\t<li>Cr\u00edochna\u00edonn do cheart chun \u00e1r seirbh\u00eds\u00ed a rochtain agus a \u00fas\u00e1id l\u00e1ithreach<\/li>\n\t\t\t\t\t<li>F\u00e9adfar orduithe at\u00e1 f\u00f3s gan chomhl\u00edonadh a chur ar ceal de r\u00e9ir \u00e1r l\u00e1nrogha<\/li>\n\t\t\t\t\t<li>Pr\u00f3ise\u00e1lfar ais\u00edoca\u00edochta\u00ed de r\u00e9ir \u00e1r bpolasa\u00ed um fhilleadh<\/li>\n\t\t\t\t\t<li>Fanfaidh for\u00e1lacha ar cheart d\u00f3ibh maireacht\u00e1il tar \u00e9is foirceanta i bhfeidhm<\/li>\n\t\t\t\t<\/ul>\n\t\t\t<\/section>\n\n\t\t\t<section class=\"vazpe-section\">\n\t\t\t\t<h2 class=\"vazpe-title-lg\">16. Inscartha<\/h2>\n\t\t\t\t<p class=\"vazpe-text\">\n\t\t\t\t\tM\u00e1 fhaightear amach go bhfuil aon fhor\u00e1il de na T\u00e9arma\u00ed seo neamh-infheidhmithe n\u00f3 neamhbhail\u00ed, d\u00e9anfar an fhor\u00e1il sin a theorann\u00fa n\u00f3 a bhaint a mh\u00e9id is l\u00fa is g\u00e1 ionas go bhfanfaidh na T\u00e9arma\u00ed eile i l\u00e1nfheidhm agus i l\u00e1n\u00e9ifeacht.\n\t\t\t\t<\/p>\n\t\t\t<\/section>\n\n\t\t\t<section class=\"vazpe-section\">\n\t\t\t\t<h2 class=\"vazpe-title-lg\">17. Eolas Teagmh\u00e1la<\/h2>\n\t\t\t\t<div class=\"vazpe-highlight-box\">\n\t\t\t\t\t<h3 class=\"vazpe-title-md\">Ceisteanna Faoi na T\u00e9arma\u00ed Seo<\/h3>\n\t\t\t\t\t<p class=\"vazpe-text\">\n\t\t\t\t\t\tM\u00e1 t\u00e1 ceisteanna agat faoi na T\u00e9arma\u00ed agus Coinn\u00edollacha seo, d\u00e9an teagmh\u00e1il linn le do thoil:\n\t\t\t\t\t<\/p>\n\t\t\t\t\t\t<div class=\"vazpe-contact-info\">\n\t\t\t\t\t\t\t<div class=\"vazpe-contact-item\">\n\t\t\t\t\t\t\t\t<span class=\"vazpe-contact-label\">R\u00edomhphost:<\/span>\n\t\t\t\t\t\t\t\t<span class=\"vazpe-contact-value\">\n\t\t\t\t\t\t\t\t\t<a href=\"mailto:support@vazpe.com\">support@vazpe.com<\/a>\n\t\t\t\t\t\t\t\t<\/span>\n\t\t\t\t\t\t\t<\/div>\n\t\t\t\t\t\t\t<div class=\"vazpe-contact-item\">\n\t\t\t\t\t\t\t\t<span class=\"vazpe-contact-label\">Su\u00edomh Gr\u00e9as\u00e1in:<\/span>\n\t\t\t\t\t\t\t\t<span class=\"vazpe-contact-value\"><a href=\"https:\/\/vazpe.com\/ga\/\">www.vazpe.com<\/a><\/span>\n\t\t\t\t\t\t\t<\/div>\n\t\t\t\t\t\t\t<div class=\"vazpe-contact-item\">\n\t\t\t\t\t\t\t\t<span class=\"vazpe-contact-label\">Seoladh na hOifige:<\/span>\n\t\t\t\t\t\t\t\t<span class=\"vazpe-contact-value\">\n\t\t\t\t\t\t\t\t\tWohn Und Gesch\u00e4ftshaus<br>\n\t\t\t\t\t\t\t\t\tFriedrichstra\u00dfe 22<br>\n\t\t\t\t\t\t\t\t\t01067 Dresden, Germany<br>\n\t\t\t\t\t\t\t\t\t<span class=\"vazpe-contact-note\">(Seoladh oifige \u2013 n\u00ed le haghaidh comhfhreagrais)<\/span>\n\t\t\t\t\t\t\t\t<\/span>\n\t\t\t\t\t\t\t<\/div>\n\t\t\t\t\t\t<\/div>\n\t\t\t\t<\/div>\n\t\t\t<\/section>\n\n\t\t\t<section class=\"vazpe-section\">\n\t\t\t\t<div class=\"vazpe-highlight-box\">\n\t\t\t\t\t<h3 class=\"vazpe-title-md\">Admh\u00e1il Chomhaontaithe<\/h3>\n\t\t\t\t\t<p class=\"vazpe-text\">\n\t\t\t\t\t\tTr\u00ed \u00fas\u00e1id a bhaint as \u00e1r su\u00edomh gr\u00e9as\u00e1in agus \u00e1r seirbh\u00eds\u00ed, admha\u00edonn t\u00fa go bhfuil na T\u00e9arma\u00ed agus Coinn\u00edollacha seo l\u00e9ite agus tuigthe agat, agus go n-aonta\u00edonn t\u00fa a bheith faoi cheangal acu, chomh maith len\u00e1r bPolasa\u00ed Pr\u00edobh\u00e1ideachais agus beartais infheidhme eile.\n\t\t\t\t\t<\/p>\n\t\t\t\t\t<p class=\"vazpe-text vazpe-text-center\">\n\t\t\t\t\t\t<a href=\"\/ga\/contact-us\/\" class=\"vazpe-btn vazpe-btn-secondary\">D\u00e9an Teagmh\u00e1il leis an bhFoireann Dl\u00ed<\/a>\n\t\t\t\t\t<\/p>\n\t\t\t\t<\/div>\n\t\t\t<\/section>\n\t\t<\/div>\n\t<\/div>\n<\/div>\n\n\n\n<p><\/p>","protected":false},"excerpt":{"rendered":"<p>T\u00e9arma\u00ed &#038; Coinn\u00edollacha Nuashonraithe Deiridh: September 8, 2025 F\u00f3gra T\u00e1bhachtach Dl\u00ed Tr\u00ed rochtain a fh\u00e1il ar shu\u00edomh gr\u00e9as\u00e1in VAZPE agus \u00e9 a \u00fas\u00e1id agus tr\u00ed cheannach<\/p>","protected":false},"author":1,"featured_media":0,"parent":0,"menu_order":0,"comment_status":"closed","ping_status":"closed","template":"","meta":{"footnotes":""},"class_list":["post-29242","page","type-page","status-publish","hentry"],"jetpack_sharing_enabled":true,"_links":{"self":[{"href":"https:\/\/vazpe.com\/ga\/wp-json\/wp\/v2\/pages\/29242","targetHints":{"allow":["GET"]}}],"collection":[{"href":"https:\/\/vazpe.com\/ga\/wp-json\/wp\/v2\/pages"}],"about":[{"href":"https:\/\/vazpe.com\/ga\/wp-json\/wp\/v2\/types\/page"}],"author":[{"embeddable":true,"href":"https:\/\/vazpe.com\/ga\/wp-json\/wp\/v2\/users\/1"}],"replies":[{"embeddable":true,"href":"https:\/\/vazpe.com\/ga\/wp-json\/wp\/v2\/comments?post=29242"}],"version-history":[{"count":5,"href":"https:\/\/vazpe.com\/ga\/wp-json\/wp\/v2\/pages\/29242\/revisions"}],"predecessor-version":[{"id":32570,"href":"https:\/\/vazpe.com\/ga\/wp-json\/wp\/v2\/pages\/29242\/revisions\/32570"}],"wp:attachment":[{"href":"https:\/\/vazpe.com\/ga\/wp-json\/wp\/v2\/media?parent=29242"}],"curies":[{"name":"wp","href":"https:\/\/api.w.org\/{rel}","templated":true}]}}